{"id":1817,"date":"2020-03-05T21:02:14","date_gmt":"2020-03-05T21:02:14","guid":{"rendered":"https:\/\/aspaen.edu.co\/tamaiti\/?page_id=1817"},"modified":"2020-06-25T22:55:26","modified_gmt":"2020-06-25T22:55:26","slug":"nuestro-personal","status":"publish","type":"page","link":"https:\/\/aspaen.edu.co\/tamaiti\/nuestro-personal\/","title":{"rendered":"Nuestro personal"},"content":{"rendered":"\t\t<div data-elementor-type=\"wp-page\" data-elementor-id=\"1817\" class=\"elementor elementor-1817\" data-elementor-post-type=\"page\">\n\t\t\t\t\t\t\t\t\t<section class=\"elementor-section elementor-top-section elementor-element elementor-element-15a14d1f elementor-section-full_width elementor-section-height-min-height elementor-section-height-default elementor-section-items-middle\" data-id=\"15a14d1f\" data-element_type=\"section\" data-settings=\"{&quot;background_background&quot;:&quot;classic&quot;}\">\n\t\t\t\t\t\t\t<div class=\"elementor-background-overlay\"><\/div>\n\t\t\t\t\t\t\t<div class=\"elementor-container elementor-column-gap-no\">\n\t\t\t\t\t<div class=\"elementor-column elementor-col-100 elementor-top-column elementor-element elementor-element-2d80d9a\" data-id=\"2d80d9a\" data-element_type=\"column\">\n\t\t\t<div class=\"elementor-widget-wrap\">\n\t\t\t\t\t\t\t\t\t<\/div>\n\t\t<\/div>\n\t\t\t\t\t\t\t<\/div>\n\t\t<\/section>\n\t\t\t\t<section class=\"elementor-section elementor-top-section elementor-element elementor-element-20a637cb elementor-section-full_width elementor-section-height-default elementor-section-height-default\" data-id=\"20a637cb\" data-element_type=\"section\">\n\t\t\t\t\t\t<div class=\"elementor-container elementor-column-gap-no\">\n\t\t\t\t\t<div class=\"elementor-column elementor-col-100 elementor-top-column elementor-element elementor-element-145d846f\" data-id=\"145d846f\" data-element_type=\"column\">\n\t\t\t<div class=\"elementor-widget-wrap elementor-element-populated\">\n\t\t\t\t\t\t\t\t<div class=\"elementor-element elementor-element-7f4af164 elementor-widget elementor-widget-template\" data-id=\"7f4af164\" data-element_type=\"widget\" data-widget_type=\"template.default\">\n\t\t\t\t<div class=\"elementor-widget-container\">\n\t\t\t\t\t<div class=\"elementor-template\">\n\t\t\t\t\t<div data-elementor-type=\"section\" data-elementor-id=\"811\" class=\"elementor elementor-811\" data-elementor-post-type=\"elementor_library\">\n\t\t\t\t\t\t\t\t<section class=\"elementor-section elementor-top-section elementor-element elementor-element-d0b2bd8 elementor-section-height-min-height elementor-section-boxed elementor-section-height-default elementor-section-items-middle\" data-id=\"d0b2bd8\" data-element_type=\"section\" data-settings=\"{&quot;background_background&quot;:&quot;classic&quot;}\">\n\t\t\t\t\t\t<div class=\"elementor-container elementor-column-gap-no\">\n\t\t\t\t\t<div class=\"elementor-column elementor-col-33 elementor-top-column elementor-element elementor-element-6c56f6ea\" data-id=\"6c56f6ea\" data-element_type=\"column\">\n\t\t\t<div class=\"elementor-widget-wrap elementor-element-populated\">\n\t\t\t\t\t\t\t\t<div class=\"elementor-element elementor-element-5198c713 elementor-button-info elementor-align-center elementor-widget elementor-widget-button\" data-id=\"5198c713\" data-element_type=\"widget\" data-widget_type=\"button.default\">\n\t\t\t\t<div class=\"elementor-widget-container\">\n\t\t\t\t\t<div class=\"elementor-button-wrapper\">\n\t\t\t<a class=\"elementor-button elementor-button-link elementor-size-sm\" href=\"https:\/\/aspaen.edu.co\/tamaiti\/contactanos\/\">\n\t\t\t\t\t\t<span class=\"elementor-button-content-wrapper\">\n\t\t\t\t\t\t<span class=\"elementor-button-icon elementor-align-icon-left\">\n\t\t\t\t<i aria-hidden=\"true\" class=\"fas fa-envelope\"><\/i>\t\t\t<\/span>\n\t\t\t\t\t\t<span class=\"elementor-button-text\">Cont\u00e1ctanos<\/span>\n\t\t<\/span>\n\t\t\t\t\t<\/a>\n\t\t<\/div>\n\t\t\t\t<\/div>\n\t\t\t\t<\/div>\n\t\t\t\t\t<\/div>\n\t\t<\/div>\n\t\t\t\t<div class=\"elementor-column elementor-col-33 elementor-top-column elementor-element elementor-element-46865a18\" data-id=\"46865a18\" data-element_type=\"column\">\n\t\t\t<div class=\"elementor-widget-wrap elementor-element-populated\">\n\t\t\t\t\t\t\t\t<div class=\"elementor-element elementor-element-beb9087 elementor-button-info elementor-align-center elementor-widget elementor-widget-button\" data-id=\"beb9087\" data-element_type=\"widget\" data-widget_type=\"button.default\">\n\t\t\t\t<div class=\"elementor-widget-container\">\n\t\t\t\t\t<div class=\"elementor-button-wrapper\">\n\t\t\t<a class=\"elementor-button elementor-button-link elementor-size-sm\" href=\"https:\/\/aspaen.edu.co\/tamaiti\/conoce-nuestro-preescolar\/\">\n\t\t\t\t\t\t<span class=\"elementor-button-content-wrapper\">\n\t\t\t\t\t\t<span class=\"elementor-button-icon elementor-align-icon-left\">\n\t\t\t\t<i aria-hidden=\"true\" class=\"fas fa-map-marker-alt\"><\/i>\t\t\t<\/span>\n\t\t\t\t\t\t<span class=\"elementor-button-text\">Conoce nuestro preescolar<\/span>\n\t\t<\/span>\n\t\t\t\t\t<\/a>\n\t\t<\/div>\n\t\t\t\t<\/div>\n\t\t\t\t<\/div>\n\t\t\t\t\t<\/div>\n\t\t<\/div>\n\t\t\t\t<div class=\"elementor-column elementor-col-33 elementor-top-column elementor-element elementor-element-4c774a65\" data-id=\"4c774a65\" data-element_type=\"column\">\n\t\t\t<div class=\"elementor-widget-wrap elementor-element-populated\">\n\t\t\t\t\t\t\t\t<div class=\"elementor-element elementor-element-7bd18962 elementor-button-info elementor-align-center elementor-widget elementor-widget-button\" data-id=\"7bd18962\" data-element_type=\"widget\" data-widget_type=\"button.default\">\n\t\t\t\t<div class=\"elementor-widget-container\">\n\t\t\t\t\t<div class=\"elementor-button-wrapper\">\n\t\t\t<a class=\"elementor-button elementor-button-link elementor-size-sm\" href=\"https:\/\/aspaen.edu.co\/admisiones\/\">\n\t\t\t\t\t\t<span class=\"elementor-button-content-wrapper\">\n\t\t\t\t\t\t<span class=\"elementor-button-icon elementor-align-icon-left\">\n\t\t\t\t<i aria-hidden=\"true\" class=\"fas fa-pencil-alt\"><\/i>\t\t\t<\/span>\n\t\t\t\t\t\t<span class=\"elementor-button-text\">Aplica ahora<\/span>\n\t\t<\/span>\n\t\t\t\t\t<\/a>\n\t\t<\/div>\n\t\t\t\t<\/div>\n\t\t\t\t<\/div>\n\t\t\t\t\t<\/div>\n\t\t<\/div>\n\t\t\t\t\t\t\t<\/div>\n\t\t<\/section>\n\t\t\t\t\t\t<\/div>\n\t\t\t\t<\/div>\n\t\t\t\t<\/div>\n\t\t\t\t<\/div>\n\t\t\t\t\t<\/div>\n\t\t<\/div>\n\t\t\t\t\t\t\t<\/div>\n\t\t<\/section>\n\t\t\t\t<section class=\"elementor-section elementor-top-section elementor-element elementor-element-25453ac8 elementor-section-boxed elementor-section-height-default elementor-section-height-default\" data-id=\"25453ac8\" data-element_type=\"section\">\n\t\t\t\t\t\t<div class=\"elementor-container elementor-column-gap-default\">\n\t\t\t\t\t<div class=\"elementor-column elementor-col-100 elementor-top-column elementor-element elementor-element-ec5c232\" data-id=\"ec5c232\" data-element_type=\"column\">\n\t\t\t<div class=\"elementor-widget-wrap elementor-element-populated\">\n\t\t\t\t\t\t\t\t<div class=\"elementor-element elementor-element-647b0466 elementor-widget elementor-widget-heading\" data-id=\"647b0466\" data-element_type=\"widget\" data-widget_type=\"heading.default\">\n\t\t\t\t<div class=\"elementor-widget-container\">\n\t\t\t<h1 class=\"elementor-heading-title elementor-size-default\">Toda una vida de confianza empieza aqu\u00ed<\/h1>\t\t<\/div>\n\t\t\t\t<\/div>\n\t\t\t\t\t<\/div>\n\t\t<\/div>\n\t\t\t\t\t\t\t<\/div>\n\t\t<\/section>\n\t\t\t\t<section class=\"elementor-section elementor-top-section elementor-element elementor-element-175339ef elementor-section-boxed elementor-section-height-default elementor-section-height-default\" data-id=\"175339ef\" data-element_type=\"section\">\n\t\t\t\t\t\t<div class=\"elementor-container elementor-column-gap-default\">\n\t\t\t\t\t<div class=\"elementor-column elementor-col-25 elementor-top-column elementor-element elementor-element-d41c478\" data-id=\"d41c478\" data-element_type=\"column\">\n\t\t\t<div class=\"elementor-widget-wrap elementor-element-populated\">\n\t\t\t\t\t\t\t\t<div class=\"elementor-element elementor-element-265fccdb elementor-position-top elementor-widget elementor-widget-image-box\" data-id=\"265fccdb\" data-element_type=\"widget\" data-widget_type=\"image-box.default\">\n\t\t\t\t<div class=\"elementor-widget-container\">\n\t\t\t<div class=\"elementor-image-box-wrapper\"><figure class=\"elementor-image-box-img\"><img decoding=\"async\" src=\"https:\/\/aspaen.edu.co\/tamaiti\/wp-content\/uploads\/sites\/44\/elementor\/thumbs\/Liliana-Rojas-de-Rey-qh1e44uc7j4djbfj1q3i7etwx8x4lb52v9v0najk4g.jpg\" title=\"Liliana-Rojas-de-Rey\" alt=\"Liliana-Rojas-de-Rey\" loading=\"lazy\" \/><\/figure><div class=\"elementor-image-box-content\"><h4 class=\"elementor-image-box-title\">Mar\u00eda Fernanda Franco <br> <sub>Directora General Aspaen Preescolar Tamait\u00ed <\/h4><\/div><\/div>\t\t<\/div>\n\t\t\t\t<\/div>\n\t\t\t\t\t<\/div>\n\t\t<\/div>\n\t\t\t\t<div class=\"elementor-column elementor-col-25 elementor-top-column elementor-element elementor-element-588469fd\" data-id=\"588469fd\" data-element_type=\"column\">\n\t\t\t<div class=\"elementor-widget-wrap elementor-element-populated\">\n\t\t\t\t\t\t\t\t<div class=\"elementor-element elementor-element-1a668acd elementor-position-top elementor-widget elementor-widget-image-box\" data-id=\"1a668acd\" data-element_type=\"widget\" data-widget_type=\"image-box.default\">\n\t\t\t\t<div class=\"elementor-widget-container\">\n\t\t\t<div class=\"elementor-image-box-wrapper\"><figure class=\"elementor-image-box-img\"><img fetchpriority=\"high\" decoding=\"async\" width=\"1920\" height=\"2560\" src=\"https:\/\/aspaen.edu.co\/tamaiti\/wp-content\/uploads\/sites\/44\/2020\/03\/Erika_Andrea_Romero-scaled.jpg\" class=\"attachment-full size-full wp-image-1938\" alt=\"\" srcset=\"https:\/\/aspaen.edu.co\/tamaiti\/wp-content\/uploads\/sites\/44\/2020\/03\/Erika_Andrea_Romero-scaled.jpg 1920w, https:\/\/aspaen.edu.co\/tamaiti\/wp-content\/uploads\/sites\/44\/2020\/03\/Erika_Andrea_Romero-225x300.jpg 225w, https:\/\/aspaen.edu.co\/tamaiti\/wp-content\/uploads\/sites\/44\/2020\/03\/Erika_Andrea_Romero-768x1024.jpg 768w, https:\/\/aspaen.edu.co\/tamaiti\/wp-content\/uploads\/sites\/44\/2020\/03\/Erika_Andrea_Romero-300x400.jpg 300w, https:\/\/aspaen.edu.co\/tamaiti\/wp-content\/uploads\/sites\/44\/2020\/03\/Erika_Andrea_Romero-1152x1536.jpg 1152w, https:\/\/aspaen.edu.co\/tamaiti\/wp-content\/uploads\/sites\/44\/2020\/03\/Erika_Andrea_Romero-1536x2048.jpg 1536w\" sizes=\"(max-width: 1920px) 100vw, 1920px\" \/><\/figure><div class=\"elementor-image-box-content\"><h4 class=\"elementor-image-box-title\">Erika Andrea Romero <br> <sub>Directora de Grupo Beginners y Coordinadora Acad\u00e9mica<\/h4><p class=\"elementor-image-box-description\">Licenciada en Lengua Castellana y comunicaci\u00f3n. Con m\u00e1s de 12 a\u00f1os de experiencia en \u00e1reas de docencia en preescolar, primaria y coordinaci\u00f3n acad\u00e9mica.<\/p><\/div><\/div>\t\t<\/div>\n\t\t\t\t<\/div>\n\t\t\t\t\t<\/div>\n\t\t<\/div>\n\t\t\t\t<div class=\"elementor-column elementor-col-25 elementor-top-column elementor-element elementor-element-559ab644\" data-id=\"559ab644\" data-element_type=\"column\">\n\t\t\t<div class=\"elementor-widget-wrap elementor-element-populated\">\n\t\t\t\t\t\t\t\t<div class=\"elementor-element elementor-element-532bd94a elementor-position-top elementor-widget elementor-widget-image-box\" data-id=\"532bd94a\" data-element_type=\"widget\" data-widget_type=\"image-box.default\">\n\t\t\t\t<div class=\"elementor-widget-container\">\n\t\t\t<div class=\"elementor-image-box-wrapper\"><figure class=\"elementor-image-box-img\"><img decoding=\"async\" width=\"450\" height=\"600\" src=\"https:\/\/aspaen.edu.co\/tamaiti\/wp-content\/uploads\/sites\/44\/2020\/03\/Maria_Camila_Prada.jpg\" class=\"attachment-full size-full wp-image-1940\" alt=\"\" srcset=\"https:\/\/aspaen.edu.co\/tamaiti\/wp-content\/uploads\/sites\/44\/2020\/03\/Maria_Camila_Prada.jpg 450w, https:\/\/aspaen.edu.co\/tamaiti\/wp-content\/uploads\/sites\/44\/2020\/03\/Maria_Camila_Prada-225x300.jpg 225w, https:\/\/aspaen.edu.co\/tamaiti\/wp-content\/uploads\/sites\/44\/2020\/03\/Maria_Camila_Prada-300x400.jpg 300w\" sizes=\"(max-width: 450px) 100vw, 450px\" \/><\/figure><div class=\"elementor-image-box-content\"><h4 class=\"elementor-image-box-title\">Mar\u00eda Camila Prada <br> <sub>Directora de Grupo Kinder<\/h4><p class=\"elementor-image-box-description\">Licenciada en Pedagog\u00eda Infantil de la Universidad Uniminuto, con experiencia de 5 a\u00f1os en educaci\u00f3n preescolar y cuidado de primera infancia y grandes fortalezas en el \u00e1rea del canto y m\u00fasica.<\/p><\/div><\/div>\t\t<\/div>\n\t\t\t\t<\/div>\n\t\t\t\t\t<\/div>\n\t\t<\/div>\n\t\t\t\t<div class=\"elementor-column elementor-col-25 elementor-top-column elementor-element elementor-element-308ddaa8\" data-id=\"308ddaa8\" data-element_type=\"column\">\n\t\t\t<div class=\"elementor-widget-wrap elementor-element-populated\">\n\t\t\t\t\t\t\t\t<div class=\"elementor-element elementor-element-5dc32394 elementor-position-top elementor-widget elementor-widget-image-box\" data-id=\"5dc32394\" data-element_type=\"widget\" data-widget_type=\"image-box.default\">\n\t\t\t\t<div class=\"elementor-widget-container\">\n\t\t\t<div class=\"elementor-image-box-wrapper\"><figure class=\"elementor-image-box-img\"><img decoding=\"async\" width=\"450\" height=\"600\" src=\"https:\/\/aspaen.edu.co\/tamaiti\/wp-content\/uploads\/sites\/44\/2020\/03\/Adriana_Esperanza_Rozo_Ayala.jpg\" class=\"attachment-full size-full wp-image-1935\" alt=\"\" srcset=\"https:\/\/aspaen.edu.co\/tamaiti\/wp-content\/uploads\/sites\/44\/2020\/03\/Adriana_Esperanza_Rozo_Ayala.jpg 450w, https:\/\/aspaen.edu.co\/tamaiti\/wp-content\/uploads\/sites\/44\/2020\/03\/Adriana_Esperanza_Rozo_Ayala-225x300.jpg 225w, https:\/\/aspaen.edu.co\/tamaiti\/wp-content\/uploads\/sites\/44\/2020\/03\/Adriana_Esperanza_Rozo_Ayala-300x400.jpg 300w\" sizes=\"(max-width: 450px) 100vw, 450px\" \/><\/figure><div class=\"elementor-image-box-content\"><h4 class=\"elementor-image-box-title\">Adriana Esperanza Rozo <br> <sub>Directora de Grupo Pre Kinder<\/h4><p class=\"elementor-image-box-description\">Licenciada en Preescolar, con experiencia laboral en educaci\u00f3n preescolar de m\u00e1s de 20 a\u00f1os de trayectoria.<\/p><\/div><\/div>\t\t<\/div>\n\t\t\t\t<\/div>\n\t\t\t\t\t<\/div>\n\t\t<\/div>\n\t\t\t\t\t\t\t<\/div>\n\t\t<\/section>\n\t\t\t\t<section class=\"elementor-section elementor-top-section elementor-element elementor-element-26ae0f29 elementor-section-boxed elementor-section-height-default elementor-section-height-default\" data-id=\"26ae0f29\" data-element_type=\"section\">\n\t\t\t\t\t\t<div class=\"elementor-container elementor-column-gap-default\">\n\t\t\t\t\t<div class=\"elementor-column elementor-col-25 elementor-top-column elementor-element elementor-element-8e36e47\" data-id=\"8e36e47\" data-element_type=\"column\">\n\t\t\t<div class=\"elementor-widget-wrap elementor-element-populated\">\n\t\t\t\t\t\t\t\t<div class=\"elementor-element elementor-element-4daaa8e5 elementor-position-top elementor-widget elementor-widget-image-box\" data-id=\"4daaa8e5\" data-element_type=\"widget\" data-widget_type=\"image-box.default\">\n\t\t\t\t<div class=\"elementor-widget-container\">\n\t\t\t<div class=\"elementor-image-box-wrapper\"><figure class=\"elementor-image-box-img\"><img decoding=\"async\" src=\"https:\/\/aspaen.edu.co\/tamaiti\/wp-content\/uploads\/sites\/44\/elementor\/thumbs\/testimonios-285x570-qh1e44uc7j4djbfj1q3i7etwx8x4lb52v9v0najk4g.png\" title=\"testimonios-285&#215;570.png\" alt=\"testimonios-285x570.png\" loading=\"lazy\" \/><\/figure><div class=\"elementor-image-box-content\"><h4 class=\"elementor-image-box-title\">Karina Andrea Delgado <br> <sub>Docente de M\u00fasica<\/h4><p class=\"elementor-image-box-description\">Licenciada en M\u00fasica de la Universidad Industrial de Santander, con m\u00e1s de 5 a\u00f1os de experiencia en el \u00e1mbito acad\u00e9mico de la m\u00fasica.<\/p><\/div><\/div>\t\t<\/div>\n\t\t\t\t<\/div>\n\t\t\t\t\t<\/div>\n\t\t<\/div>\n\t\t\t\t<div class=\"elementor-column elementor-col-25 elementor-top-column elementor-element elementor-element-21cfe844\" data-id=\"21cfe844\" data-element_type=\"column\">\n\t\t\t<div class=\"elementor-widget-wrap elementor-element-populated\">\n\t\t\t\t\t\t\t\t<div class=\"elementor-element elementor-element-6862b878 elementor-position-top elementor-widget elementor-widget-image-box\" data-id=\"6862b878\" data-element_type=\"widget\" data-widget_type=\"image-box.default\">\n\t\t\t\t<div class=\"elementor-widget-container\">\n\t\t\t<div class=\"elementor-image-box-wrapper\"><figure class=\"elementor-image-box-img\"><img decoding=\"async\" src=\"https:\/\/aspaen.edu.co\/tamaiti\/wp-content\/uploads\/sites\/44\/elementor\/thumbs\/testimonios-285x570-qh1e44uc7j4djbfj1q3i7etwx8x4lb52v9v0najk4g.png\" title=\"testimonios-285&#215;570.png\" alt=\"testimonios-285x570.png\" loading=\"lazy\" \/><\/figure><div class=\"elementor-image-box-content\"><h4 class=\"elementor-image-box-title\">Eliana Rodr\u00edguez <br> <sub>Docente de Ingl\u00e9s<\/h4><p class=\"elementor-image-box-description\">Licenciada en lengua extranjera de la Universidad Surcolombiana. Mag\u00edster en Did\u00e1ctica de la Lengua de la Universidad Industrial de Santander, Camp Counselor dos a\u00f1os en el Girls Scout Council en Washington DC<\/p><\/div><\/div>\t\t<\/div>\n\t\t\t\t<\/div>\n\t\t\t\t\t<\/div>\n\t\t<\/div>\n\t\t\t\t<div class=\"elementor-column elementor-col-25 elementor-top-column elementor-element elementor-element-8184dc2\" data-id=\"8184dc2\" data-element_type=\"column\">\n\t\t\t<div class=\"elementor-widget-wrap elementor-element-populated\">\n\t\t\t\t\t\t\t\t<div class=\"elementor-element elementor-element-4b8b6ecc elementor-position-top elementor-widget elementor-widget-image-box\" data-id=\"4b8b6ecc\" data-element_type=\"widget\" data-widget_type=\"image-box.default\">\n\t\t\t\t<div class=\"elementor-widget-container\">\n\t\t\t<div class=\"elementor-image-box-wrapper\"><figure class=\"elementor-image-box-img\"><img decoding=\"async\" src=\"https:\/\/aspaen.edu.co\/tamaiti\/wp-content\/uploads\/sites\/44\/elementor\/thumbs\/testimonios-285x570-qh1e44uc7j4djbfj1q3i7etwx8x4lb52v9v0najk4g.png\" title=\"testimonios-285&#215;570.png\" alt=\"testimonios-285x570.png\" loading=\"lazy\" \/><\/figure><div class=\"elementor-image-box-content\"><h4 class=\"elementor-image-box-title\">Eileen Boh\u00f3rquez<br> <sub>Docente de Expresi\u00f3n Corporal<\/h4><p class=\"elementor-image-box-description\">Formaci\u00f3n en danza art\u00edstica. Con m\u00e1s de 5 a\u00f1os de experiencia en el mundo de la danza. <\/p><\/div><\/div>\t\t<\/div>\n\t\t\t\t<\/div>\n\t\t\t\t\t<\/div>\n\t\t<\/div>\n\t\t\t\t<div class=\"elementor-column elementor-col-25 elementor-top-column elementor-element elementor-element-4da14754\" data-id=\"4da14754\" data-element_type=\"column\">\n\t\t\t<div class=\"elementor-widget-wrap elementor-element-populated\">\n\t\t\t\t\t\t\t\t<div class=\"elementor-element elementor-element-4115c836 elementor-position-top elementor-widget elementor-widget-image-box\" data-id=\"4115c836\" data-element_type=\"widget\" data-widget_type=\"image-box.default\">\n\t\t\t\t<div class=\"elementor-widget-container\">\n\t\t\t<div class=\"elementor-image-box-wrapper\"><figure class=\"elementor-image-box-img\"><img decoding=\"async\" src=\"https:\/\/aspaen.edu.co\/tamaiti\/wp-content\/uploads\/sites\/44\/elementor\/thumbs\/testimonios-285x570-qh1e44uc7j4djbfj1q3i7etwx8x4lb52v9v0najk4g.png\" title=\"testimonios-285&#215;570.png\" alt=\"testimonios-285x570.png\" loading=\"lazy\" \/><\/figure><div class=\"elementor-image-box-content\"><h4 class=\"elementor-image-box-title\">Judith Fl\u00f3rez<br> <sub>Docente Educaci\u00f3n F\u00edsica y Deporte<\/h4><p class=\"elementor-image-box-description\">Licenciada en educaci\u00f3n b\u00e1sica con \u00e9nfasis en educaci\u00f3n f\u00edsica y deporte de la universidad de Pamplona con Curso IAFF de Atletismo. Con m\u00e1s de 7 a\u00f1os de experiencia en educaci\u00f3n preescolar, primaria, secundaria <\/p><\/div><\/div>\t\t<\/div>\n\t\t\t\t<\/div>\n\t\t\t\t\t<\/div>\n\t\t<\/div>\n\t\t\t\t\t\t\t<\/div>\n\t\t<\/section>\n\t\t\t\t<section class=\"elementor-section elementor-top-section elementor-element elementor-element-700d873c elementor-section-boxed elementor-section-height-default elementor-section-height-default\" data-id=\"700d873c\" data-element_type=\"section\">\n\t\t\t\t\t\t<div class=\"elementor-container elementor-column-gap-default\">\n\t\t\t\t\t<div class=\"elementor-column elementor-col-25 elementor-top-column elementor-element elementor-element-650a88fb\" data-id=\"650a88fb\" data-element_type=\"column\">\n\t\t\t<div class=\"elementor-widget-wrap elementor-element-populated\">\n\t\t\t\t\t\t\t\t<div class=\"elementor-element elementor-element-22d6da58 elementor-position-top elementor-widget elementor-widget-image-box\" data-id=\"22d6da58\" data-element_type=\"widget\" data-widget_type=\"image-box.default\">\n\t\t\t\t<div class=\"elementor-widget-container\">\n\t\t\t<div class=\"elementor-image-box-wrapper\"><figure class=\"elementor-image-box-img\"><img decoding=\"async\" src=\"https:\/\/aspaen.edu.co\/tamaiti\/wp-content\/uploads\/sites\/44\/elementor\/thumbs\/testimonios-285x570-qh1e44uc7j4djbfj1q3i7etwx8x4lb52v9v0najk4g.png\" title=\"testimonios-285&#215;570.png\" alt=\"testimonios-285x570.png\" loading=\"lazy\" \/><\/figure><div class=\"elementor-image-box-content\"><h4 class=\"elementor-image-box-title\">Leidy Viviana Ortiz <br> <sub>Docente Educaci\u00f3n F\u00edsica y Deporte<\/h4><p class=\"elementor-image-box-description\">Licenciada en educaci\u00f3n b\u00e1sica con \u00e9nfasis en educaci\u00f3n f\u00edsica y deporte de la universidad de Pamplona. Con experiencia en educaci\u00f3n preescolar, primaria, secundaria. <\/p><\/div><\/div>\t\t<\/div>\n\t\t\t\t<\/div>\n\t\t\t\t\t<\/div>\n\t\t<\/div>\n\t\t\t\t<div class=\"elementor-column elementor-col-25 elementor-top-column elementor-element elementor-element-757e3271\" data-id=\"757e3271\" data-element_type=\"column\">\n\t\t\t<div class=\"elementor-widget-wrap elementor-element-populated\">\n\t\t\t\t\t\t\t\t<div class=\"elementor-element elementor-element-243c1587 elementor-position-top elementor-widget elementor-widget-image-box\" data-id=\"243c1587\" data-element_type=\"widget\" data-widget_type=\"image-box.default\">\n\t\t\t\t<div class=\"elementor-widget-container\">\n\t\t\t<div class=\"elementor-image-box-wrapper\"><figure class=\"elementor-image-box-img\"><img loading=\"lazy\" decoding=\"async\" width=\"450\" height=\"600\" src=\"https:\/\/aspaen.edu.co\/tamaiti\/wp-content\/uploads\/sites\/44\/2020\/03\/Ingrid_Patricia_Mendoza.jpg\" class=\"attachment-full size-full wp-image-1939\" alt=\"\" srcset=\"https:\/\/aspaen.edu.co\/tamaiti\/wp-content\/uploads\/sites\/44\/2020\/03\/Ingrid_Patricia_Mendoza.jpg 450w, https:\/\/aspaen.edu.co\/tamaiti\/wp-content\/uploads\/sites\/44\/2020\/03\/Ingrid_Patricia_Mendoza-225x300.jpg 225w, https:\/\/aspaen.edu.co\/tamaiti\/wp-content\/uploads\/sites\/44\/2020\/03\/Ingrid_Patricia_Mendoza-300x400.jpg 300w\" sizes=\"(max-width: 450px) 100vw, 450px\" \/><\/figure><div class=\"elementor-image-box-content\"><h4 class=\"elementor-image-box-title\">Ingrid Alarc\u00f3n<br> <sub>Directora de Grupo Toddlers y Baby Care<\/h4><p class=\"elementor-image-box-description\">Licenciada en Pedagog\u00eda Infantil de la Corporaci\u00f3n Universitaria Minuto de Dios. Con m\u00e1s de 10 a\u00f1os de experiencia en docencia en educaci\u00f3n especial y preescolar.<\/p><\/div><\/div>\t\t<\/div>\n\t\t\t\t<\/div>\n\t\t\t\t\t<\/div>\n\t\t<\/div>\n\t\t\t\t<div class=\"elementor-column elementor-col-25 elementor-top-column elementor-element elementor-element-23320117\" data-id=\"23320117\" data-element_type=\"column\">\n\t\t\t<div class=\"elementor-widget-wrap elementor-element-populated\">\n\t\t\t\t\t\t\t\t<div class=\"elementor-element elementor-element-29c08868 elementor-position-top elementor-widget elementor-widget-image-box\" data-id=\"29c08868\" data-element_type=\"widget\" data-widget_type=\"image-box.default\">\n\t\t\t\t<div class=\"elementor-widget-container\">\n\t\t\t<div class=\"elementor-image-box-wrapper\"><figure class=\"elementor-image-box-img\"><img loading=\"lazy\" decoding=\"async\" width=\"450\" height=\"600\" src=\"https:\/\/aspaen.edu.co\/tamaiti\/wp-content\/uploads\/sites\/44\/2020\/03\/Mayra_Johana_Rueda_Ardila.jpg\" class=\"attachment-full size-full wp-image-1941\" alt=\"\" srcset=\"https:\/\/aspaen.edu.co\/tamaiti\/wp-content\/uploads\/sites\/44\/2020\/03\/Mayra_Johana_Rueda_Ardila.jpg 450w, https:\/\/aspaen.edu.co\/tamaiti\/wp-content\/uploads\/sites\/44\/2020\/03\/Mayra_Johana_Rueda_Ardila-225x300.jpg 225w, https:\/\/aspaen.edu.co\/tamaiti\/wp-content\/uploads\/sites\/44\/2020\/03\/Mayra_Johana_Rueda_Ardila-300x400.jpg 300w\" sizes=\"(max-width: 450px) 100vw, 450px\" \/><\/figure><div class=\"elementor-image-box-content\"><h4 class=\"elementor-image-box-title\">Mayra Johana Rueda<br> <sub><\/h4><\/div><\/div>\t\t<\/div>\n\t\t\t\t<\/div>\n\t\t\t\t\t<\/div>\n\t\t<\/div>\n\t\t\t\t<div class=\"elementor-column elementor-col-25 elementor-top-column elementor-element elementor-element-55290f5f\" data-id=\"55290f5f\" data-element_type=\"column\">\n\t\t\t<div class=\"elementor-widget-wrap elementor-element-populated\">\n\t\t\t\t\t\t\t\t<div class=\"elementor-element elementor-element-51c441b8 elementor-position-top elementor-widget elementor-widget-image-box\" data-id=\"51c441b8\" data-element_type=\"widget\" data-widget_type=\"image-box.default\">\n\t\t\t\t<div class=\"elementor-widget-container\">\n\t\t\t<div class=\"elementor-image-box-wrapper\"><figure class=\"elementor-image-box-img\"><img loading=\"lazy\" decoding=\"async\" width=\"450\" height=\"600\" src=\"https:\/\/aspaen.edu.co\/tamaiti\/wp-content\/uploads\/sites\/44\/2020\/03\/Docente-Jessica-Paola_Benitez.jpg\" class=\"attachment-full size-full wp-image-1937\" alt=\"\" srcset=\"https:\/\/aspaen.edu.co\/tamaiti\/wp-content\/uploads\/sites\/44\/2020\/03\/Docente-Jessica-Paola_Benitez.jpg 450w, https:\/\/aspaen.edu.co\/tamaiti\/wp-content\/uploads\/sites\/44\/2020\/03\/Docente-Jessica-Paola_Benitez-225x300.jpg 225w, https:\/\/aspaen.edu.co\/tamaiti\/wp-content\/uploads\/sites\/44\/2020\/03\/Docente-Jessica-Paola_Benitez-300x400.jpg 300w\" sizes=\"(max-width: 450px) 100vw, 450px\" \/><\/figure><div class=\"elementor-image-box-content\"><h4 class=\"elementor-image-box-title\">Jessica Paola Benitez<br> <sub><\/h4><\/div><\/div>\t\t<\/div>\n\t\t\t\t<\/div>\n\t\t\t\t\t<\/div>\n\t\t<\/div>\n\t\t\t\t\t\t\t<\/div>\n\t\t<\/section>\n\t\t\t\t<section class=\"elementor-section elementor-top-section elementor-element elementor-element-68137b09 elementor-section-boxed elementor-section-height-default elementor-section-height-default\" data-id=\"68137b09\" data-element_type=\"section\">\n\t\t\t\t\t\t<div class=\"elementor-container elementor-column-gap-default\">\n\t\t\t\t\t<div class=\"elementor-column elementor-col-25 elementor-top-column elementor-element elementor-element-426b206c\" data-id=\"426b206c\" data-element_type=\"column\">\n\t\t\t<div class=\"elementor-widget-wrap elementor-element-populated\">\n\t\t\t\t\t\t\t\t<div class=\"elementor-element elementor-element-2c543a12 elementor-position-top elementor-widget elementor-widget-image-box\" data-id=\"2c543a12\" data-element_type=\"widget\" data-widget_type=\"image-box.default\">\n\t\t\t\t<div class=\"elementor-widget-container\">\n\t\t\t<div class=\"elementor-image-box-wrapper\"><figure class=\"elementor-image-box-img\"><img loading=\"lazy\" decoding=\"async\" width=\"450\" height=\"600\" src=\"https:\/\/aspaen.edu.co\/tamaiti\/wp-content\/uploads\/sites\/44\/2020\/03\/Andrea_Sandoval.jpg\" class=\"attachment-full size-full wp-image-1936\" alt=\"\" srcset=\"https:\/\/aspaen.edu.co\/tamaiti\/wp-content\/uploads\/sites\/44\/2020\/03\/Andrea_Sandoval.jpg 450w, https:\/\/aspaen.edu.co\/tamaiti\/wp-content\/uploads\/sites\/44\/2020\/03\/Andrea_Sandoval-225x300.jpg 225w, https:\/\/aspaen.edu.co\/tamaiti\/wp-content\/uploads\/sites\/44\/2020\/03\/Andrea_Sandoval-300x400.jpg 300w\" sizes=\"(max-width: 450px) 100vw, 450px\" \/><\/figure><div class=\"elementor-image-box-content\"><h4 class=\"elementor-image-box-title\">Andrea Pabo\u0301n Sandoval<br> <sub><\/h4><\/div><\/div>\t\t<\/div>\n\t\t\t\t<\/div>\n\t\t\t\t\t<\/div>\n\t\t<\/div>\n\t\t\t\t<div class=\"elementor-column elementor-col-25 elementor-top-column elementor-element elementor-element-288961ef\" data-id=\"288961ef\" data-element_type=\"column\">\n\t\t\t<div class=\"elementor-widget-wrap elementor-element-populated\">\n\t\t\t\t\t\t\t\t<div class=\"elementor-element elementor-element-7b968d20 elementor-position-top elementor-widget elementor-widget-image-box\" data-id=\"7b968d20\" data-element_type=\"widget\" data-widget_type=\"image-box.default\">\n\t\t\t\t<div class=\"elementor-widget-container\">\n\t\t\t<div class=\"elementor-image-box-wrapper\"><figure class=\"elementor-image-box-img\"><img loading=\"lazy\" decoding=\"async\" width=\"450\" height=\"600\" src=\"https:\/\/aspaen.edu.co\/tamaiti\/wp-content\/uploads\/sites\/44\/2020\/03\/Yamile-Noriega.jpg\" class=\"attachment-full size-full wp-image-1942\" alt=\"\" srcset=\"https:\/\/aspaen.edu.co\/tamaiti\/wp-content\/uploads\/sites\/44\/2020\/03\/Yamile-Noriega.jpg 450w, https:\/\/aspaen.edu.co\/tamaiti\/wp-content\/uploads\/sites\/44\/2020\/03\/Yamile-Noriega-225x300.jpg 225w, https:\/\/aspaen.edu.co\/tamaiti\/wp-content\/uploads\/sites\/44\/2020\/03\/Yamile-Noriega-300x400.jpg 300w\" sizes=\"(max-width: 450px) 100vw, 450px\" \/><\/figure><div class=\"elementor-image-box-content\"><h4 class=\"elementor-image-box-title\">Yamile Noriega Castan\u0303eda<br> <sub><\/h4><\/div><\/div>\t\t<\/div>\n\t\t\t\t<\/div>\n\t\t\t\t\t<\/div>\n\t\t<\/div>\n\t\t\t\t<div class=\"elementor-column elementor-col-25 elementor-top-column elementor-element elementor-element-4b14c460\" data-id=\"4b14c460\" data-element_type=\"column\">\n\t\t\t<div class=\"elementor-widget-wrap\">\n\t\t\t\t\t\t\t\t\t<\/div>\n\t\t<\/div>\n\t\t\t\t<div class=\"elementor-column elementor-col-25 elementor-top-column elementor-element elementor-element-8ae5a3d\" data-id=\"8ae5a3d\" data-element_type=\"column\">\n\t\t\t<div class=\"elementor-widget-wrap\">\n\t\t\t\t\t\t\t\t\t<\/div>\n\t\t<\/div>\n\t\t\t\t\t\t\t<\/div>\n\t\t<\/section>\n\t\t\t\t\t\t\t<\/div>\n\t\t","protected":false},"excerpt":{"rendered":"<p>Toda una vida de confianza empieza aqu\u00ed Mar\u00eda Fernanda Franco Directora General Aspaen Preescolar Tamait\u00ed Erika Andrea Romero Directora de Grupo Beginners y Coordinadora Acad\u00e9mica Licenciada en Lengua Castellana y comunicaci\u00f3n. Con m\u00e1s de 12 a\u00f1os de experiencia en \u00e1reas de docencia en preescolar, primaria y coordinaci\u00f3n acad\u00e9mica. Mar\u00eda Camila Prada Directora de Grupo Kinder [&hellip;]<\/p>\n","protected":false},"author":2,"featured_media":0,"parent":0,"menu_order":0,"comment_status":"closed","ping_status":"closed","template":"","meta":{"footnotes":""},"yoast_head":"<!-- This site is optimized with the Yoast SEO plugin v21.7 - https:\/\/yoast.com\/wordpress\/plugins\/seo\/ -->\n<title>Nuestro personal - Aspaen Tamait\u00ed<\/title>\n<meta name=\"robots\" content=\"index, follow, max-snippet:-1, max-image-preview:large, max-video-preview:-1\" \/>\n<link rel=\"canonical\" href=\"https:\/\/aspaen.edu.co\/tamaiti\/nuestro-personal\/\" \/>\n<meta property=\"og:locale\" content=\"es_ES\" \/>\n<meta property=\"og:type\" content=\"article\" \/>\n<meta property=\"og:title\" content=\"Nuestro personal - Aspaen Tamait\u00ed\" \/>\n<meta property=\"og:description\" content=\"Toda una vida de confianza empieza aqu\u00ed Mar\u00eda Fernanda Franco Directora General Aspaen Preescolar Tamait\u00ed Erika Andrea Romero Directora de Grupo Beginners y Coordinadora Acad\u00e9mica Licenciada en Lengua Castellana y comunicaci\u00f3n. Con m\u00e1s de 12 a\u00f1os de experiencia en \u00e1reas de docencia en preescolar, primaria y coordinaci\u00f3n acad\u00e9mica. Mar\u00eda Camila Prada Directora de Grupo Kinder [&hellip;]\" \/>\n<meta property=\"og:url\" content=\"https:\/\/aspaen.edu.co\/tamaiti\/nuestro-personal\/\" \/>\n<meta property=\"og:site_name\" content=\"Aspaen Tamait\u00ed\" \/>\n<meta property=\"article:modified_time\" content=\"2020-06-25T22:55:26+00:00\" \/>\n<meta property=\"og:image\" content=\"https:\/\/aspaen.edu.co\/tamaiti\/wp-content\/uploads\/sites\/44\/elementor\/thumbs\/Liliana-Rojas-de-Rey-onduk3e18ewhpiobjeifd5qz77fnhpvbwbqxlwluow.jpg\" \/>\n<meta name=\"twitter:card\" content=\"summary_large_image\" \/>\n<meta name=\"twitter:label1\" content=\"Tiempo de lectura\" \/>\n\t<meta name=\"twitter:data1\" content=\"2 minutos\" \/>\n<script type=\"application\/ld+json\" class=\"yoast-schema-graph\">{\"@context\":\"https:\/\/schema.org\",\"@graph\":[{\"@type\":\"WebPage\",\"@id\":\"https:\/\/aspaen.edu.co\/tamaiti\/nuestro-personal\/\",\"url\":\"https:\/\/aspaen.edu.co\/tamaiti\/nuestro-personal\/\",\"name\":\"Nuestro personal - Aspaen Tamait\u00ed\",\"isPartOf\":{\"@id\":\"https:\/\/aspaen.edu.co\/tamaiti\/#website\"},\"datePublished\":\"2020-03-05T21:02:14+00:00\",\"dateModified\":\"2020-06-25T22:55:26+00:00\",\"breadcrumb\":{\"@id\":\"https:\/\/aspaen.edu.co\/tamaiti\/nuestro-personal\/#breadcrumb\"},\"inLanguage\":\"es\",\"potentialAction\":[{\"@type\":\"ReadAction\",\"target\":[\"https:\/\/aspaen.edu.co\/tamaiti\/nuestro-personal\/\"]}]},{\"@type\":\"BreadcrumbList\",\"@id\":\"https:\/\/aspaen.edu.co\/tamaiti\/nuestro-personal\/#breadcrumb\",\"itemListElement\":[{\"@type\":\"ListItem\",\"position\":1,\"name\":\"Portada\",\"item\":\"https:\/\/aspaen.edu.co\/tamaiti\/\"},{\"@type\":\"ListItem\",\"position\":2,\"name\":\"Nuestro personal\"}]},{\"@type\":\"WebSite\",\"@id\":\"https:\/\/aspaen.edu.co\/tamaiti\/#website\",\"url\":\"https:\/\/aspaen.edu.co\/tamaiti\/\",\"name\":\"Aspaen Tamait\u00ed\",\"description\":\"Un buen comienzo para un buen futuro\",\"publisher\":{\"@id\":\"https:\/\/aspaen.edu.co\/tamaiti\/#organization\"},\"potentialAction\":[{\"@type\":\"SearchAction\",\"target\":{\"@type\":\"EntryPoint\",\"urlTemplate\":\"https:\/\/aspaen.edu.co\/tamaiti\/?s={search_term_string}\"},\"query-input\":\"required name=search_term_string\"}],\"inLanguage\":\"es\"},{\"@type\":\"Organization\",\"@id\":\"https:\/\/aspaen.edu.co\/tamaiti\/#organization\",\"name\":\"Aspaen Tamait\u00ed\",\"url\":\"https:\/\/aspaen.edu.co\/tamaiti\/\",\"logo\":{\"@type\":\"ImageObject\",\"inLanguage\":\"es\",\"@id\":\"https:\/\/aspaen.edu.co\/tamaiti\/#\/schema\/logo\/image\/\",\"url\":\"https:\/\/aspaen.edu.co\/tamaiti\/wp-content\/uploads\/sites\/44\/2020\/06\/logo-tamaiti-x90.png\",\"contentUrl\":\"https:\/\/aspaen.edu.co\/tamaiti\/wp-content\/uploads\/sites\/44\/2020\/06\/logo-tamaiti-x90.png\",\"width\":198,\"height\":90,\"caption\":\"Aspaen Tamait\u00ed\"},\"image\":{\"@id\":\"https:\/\/aspaen.edu.co\/tamaiti\/#\/schema\/logo\/image\/\"}}]}<\/script>\n<!-- \/ Yoast SEO plugin. -->","yoast_head_json":{"title":"Nuestro personal - Aspaen Tamait\u00ed","robots":{"index":"index","follow":"follow","max-snippet":"max-snippet:-1","max-image-preview":"max-image-preview:large","max-video-preview":"max-video-preview:-1"},"canonical":"https:\/\/aspaen.edu.co\/tamaiti\/nuestro-personal\/","og_locale":"es_ES","og_type":"article","og_title":"Nuestro personal - Aspaen Tamait\u00ed","og_description":"Toda una vida de confianza empieza aqu\u00ed Mar\u00eda Fernanda Franco Directora General Aspaen Preescolar Tamait\u00ed Erika Andrea Romero Directora de Grupo Beginners y Coordinadora Acad\u00e9mica Licenciada en Lengua Castellana y comunicaci\u00f3n. Con m\u00e1s de 12 a\u00f1os de experiencia en \u00e1reas de docencia en preescolar, primaria y coordinaci\u00f3n acad\u00e9mica. Mar\u00eda Camila Prada Directora de Grupo Kinder [&hellip;]","og_url":"https:\/\/aspaen.edu.co\/tamaiti\/nuestro-personal\/","og_site_name":"Aspaen Tamait\u00ed","article_modified_time":"2020-06-25T22:55:26+00:00","og_image":[{"url":"https:\/\/aspaen.edu.co\/tamaiti\/wp-content\/uploads\/sites\/44\/elementor\/thumbs\/Liliana-Rojas-de-Rey-onduk3e18ewhpiobjeifd5qz77fnhpvbwbqxlwluow.jpg"}],"twitter_card":"summary_large_image","twitter_misc":{"Tiempo de lectura":"2 minutos"},"schema":{"@context":"https:\/\/schema.org","@graph":[{"@type":"WebPage","@id":"https:\/\/aspaen.edu.co\/tamaiti\/nuestro-personal\/","url":"https:\/\/aspaen.edu.co\/tamaiti\/nuestro-personal\/","name":"Nuestro personal - Aspaen Tamait\u00ed","isPartOf":{"@id":"https:\/\/aspaen.edu.co\/tamaiti\/#website"},"datePublished":"2020-03-05T21:02:14+00:00","dateModified":"2020-06-25T22:55:26+00:00","breadcrumb":{"@id":"https:\/\/aspaen.edu.co\/tamaiti\/nuestro-personal\/#breadcrumb"},"inLanguage":"es","potentialAction":[{"@type":"ReadAction","target":["https:\/\/aspaen.edu.co\/tamaiti\/nuestro-personal\/"]}]},{"@type":"BreadcrumbList","@id":"https:\/\/aspaen.edu.co\/tamaiti\/nuestro-personal\/#breadcrumb","itemListElement":[{"@type":"ListItem","position":1,"name":"Portada","item":"https:\/\/aspaen.edu.co\/tamaiti\/"},{"@type":"ListItem","position":2,"name":"Nuestro personal"}]},{"@type":"WebSite","@id":"https:\/\/aspaen.edu.co\/tamaiti\/#website","url":"https:\/\/aspaen.edu.co\/tamaiti\/","name":"Aspaen Tamait\u00ed","description":"Un buen comienzo para un buen futuro","publisher":{"@id":"https:\/\/aspaen.edu.co\/tamaiti\/#organization"},"potentialAction":[{"@type":"SearchAction","target":{"@type":"EntryPoint","urlTemplate":"https:\/\/aspaen.edu.co\/tamaiti\/?s={search_term_string}"},"query-input":"required name=search_term_string"}],"inLanguage":"es"},{"@type":"Organization","@id":"https:\/\/aspaen.edu.co\/tamaiti\/#organization","name":"Aspaen Tamait\u00ed","url":"https:\/\/aspaen.edu.co\/tamaiti\/","logo":{"@type":"ImageObject","inLanguage":"es","@id":"https:\/\/aspaen.edu.co\/tamaiti\/#\/schema\/logo\/image\/","url":"https:\/\/aspaen.edu.co\/tamaiti\/wp-content\/uploads\/sites\/44\/2020\/06\/logo-tamaiti-x90.png","contentUrl":"https:\/\/aspaen.edu.co\/tamaiti\/wp-content\/uploads\/sites\/44\/2020\/06\/logo-tamaiti-x90.png","width":198,"height":90,"caption":"Aspaen Tamait\u00ed"},"image":{"@id":"https:\/\/aspaen.edu.co\/tamaiti\/#\/schema\/logo\/image\/"}}]}},"_links":{"self":[{"href":"https:\/\/aspaen.edu.co\/tamaiti\/wp-json\/wp\/v2\/pages\/1817"}],"collection":[{"href":"https:\/\/aspaen.edu.co\/tamaiti\/wp-json\/wp\/v2\/pages"}],"about":[{"href":"https:\/\/aspaen.edu.co\/tamaiti\/wp-json\/wp\/v2\/types\/page"}],"author":[{"embeddable":true,"href":"https:\/\/aspaen.edu.co\/tamaiti\/wp-json\/wp\/v2\/users\/2"}],"replies":[{"embeddable":true,"href":"https:\/\/aspaen.edu.co\/tamaiti\/wp-json\/wp\/v2\/comments?post=1817"}],"version-history":[{"count":0,"href":"https:\/\/aspaen.edu.co\/tamaiti\/wp-json\/wp\/v2\/pages\/1817\/revisions"}],"wp:attachment":[{"href":"https:\/\/aspaen.edu.co\/tamaiti\/wp-json\/wp\/v2\/media?parent=1817"}],"curies":[{"name":"wp","href":"https:\/\/api.w.org\/{rel}","templated":true}]}}